{"id":7722,"date":"2025-02-28T18:51:44","date_gmt":"2025-02-28T18:51:44","guid":{"rendered":"https:\/\/algonovocom.com.br\/clientes\/ibp\/?page_id=7722"},"modified":"2025-02-28T18:59:54","modified_gmt":"2025-02-28T18:59:54","slug":"gestao-de-afastados","status":"publish","type":"page","link":"https:\/\/algonovocom.com.br\/clientes\/institutopaulista\/gestao-de-afastados\/","title":{"rendered":"Gest\u00e3o de Afastados"},"content":{"rendered":"\t\t<div data-elementor-type=\"wp-page\" data-elementor-id=\"7722\" class=\"elementor elementor-7722\" data-elementor-post-type=\"page\">\n\t\t\t\t\t\t<section class=\"elementor-section elementor-top-section elementor-element elementor-element-1c8a44d elementor-section-boxed elementor-section-height-default elementor-section-height-default\" data-id=\"1c8a44d\" data-element_type=\"section\">\n\t\t\t\t\t\t<div class=\"elementor-container elementor-column-gap-default\">\n\t\t\t\t\t<div class=\"elementor-column elementor-col-100 elementor-top-column elementor-element elementor-element-d8017b9\" data-id=\"d8017b9\" data-element_type=\"column\">\n\t\t\t<div class=\"elementor-widget-wrap elementor-element-populated\">\n\t\t\t\t\t\t<div class=\"elementor-element elementor-element-679731b elementor-widget__width-initial elementor-widget elementor-widget-heading\" data-id=\"679731b\" data-element_type=\"widget\" data-widget_type=\"heading.default\">\n\t\t\t\t<div class=\"elementor-widget-container\">\n\t\t\t\t\t<h2 class=\"elementor-heading-title elementor-size-default\">Reintegra\u00e7\u00e3o de Funcion\u00e1rios<\/h2>\t\t\t\t<\/div>\n\t\t\t\t<\/div>\n\t\t\t\t<div class=\"elementor-element elementor-element-cd36bd7 elementor-widget-divider--view-line elementor-widget elementor-widget-divider\" data-id=\"cd36bd7\" data-element_type=\"widget\" data-widget_type=\"divider.default\">\n\t\t\t\t<div class=\"elementor-widget-container\">\n\t\t\t\t\t\t\t<div class=\"elementor-divider\">\n\t\t\t<span class=\"elementor-divider-separator\">\n\t\t\t\t\t\t<\/span>\n\t\t<\/div>\n\t\t\t\t\t\t<\/div>\n\t\t\t\t<\/div>\n\t\t\t\t\t<\/div>\n\t\t<\/div>\n\t\t\t\t\t<\/div>\n\t\t<\/section>\n\t\t\t\t<section class=\"elementor-section elementor-top-section elementor-element elementor-element-1ccd10e elementor-section-boxed elementor-section-height-default elementor-section-height-default\" data-id=\"1ccd10e\" data-element_type=\"section\">\n\t\t\t\t\t\t<div class=\"elementor-container elementor-column-gap-default\">\n\t\t\t\t\t<div class=\"elementor-column elementor-col-100 elementor-top-column elementor-element elementor-element-ebe4507\" data-id=\"ebe4507\" data-element_type=\"column\">\n\t\t\t<div class=\"elementor-widget-wrap elementor-element-populated\">\n\t\t\t\t\t\t<div class=\"elementor-element elementor-element-9368f3a elementor-widget elementor-widget-text-editor\" data-id=\"9368f3a\" data-element_type=\"widget\" data-widget_type=\"text-editor.default\">\n\t\t\t\t<div class=\"elementor-widget-container\">\n\t\t\t\t\t\t\t\t\t<p>Tendo em vista os reflexos das demandas trabalhistas e previdenci\u00e1rios sofridas nos \u00faltimos anos, as quais tem resultado na reintegra\u00e7\u00e3o de funcion\u00e1rios, bem como no reconhecimento da culpabilidade das Empresas em eventos denominados de acidente do trabalho, que envolvem inclusive os eventos de doen\u00e7as do trabalho e ocupacionais e a nova atua\u00e7\u00e3o do Instituto Nacional da Seguridade Social, o qual majorou al\u00edquotas de impostos \u2013 FAP\/SAT\/RAT, bem como tem procedido ao reconhecimento imediato de eventos acident\u00e1rios atrav\u00e9s do NTEP-Nexo T\u00e9cnico Epidemiol\u00f3gico Previdenci\u00e1rio, o Instituto Paulista oferece a partir de agora, Programa Multidisciplinar para gerenciamento deste novo problema, associado \u00e0 Assessoria Tecnico-Jur\u00eddica altamente especializada.<\/p><p>Referido Programa tem por finalidade atuar sobre as conting\u00eancias de acidentes de trabalho e doen\u00e7as profissionais, trabalho realizado em duas frentes: acidentes j\u00e1 consolidados e preven\u00e7\u00e3o.<\/p><p>Em ambas as formas de atua\u00e7\u00e3o, o Instituto oferecer\u00e1 solu\u00e7\u00f5es amplas aos seus clientes, seja atrav\u00e9s de suporte jur\u00eddico e m\u00e9dico, bem como atua\u00e7\u00e3o incisiva em processos administrativos e judiciais.<\/p><p>Tal Programa ser\u00e1 de vital import\u00e2ncia para as empresas, haja vista que o gerenciamento de tais quest\u00f5es tende a:<\/p><ul><li>Gerar redu\u00e7\u00e3o da carga tribut\u00e1ria no que concerne aos impostos da Previd\u00eancia Social (FAP e SAT), bem como no provisionamento de demais custos inerentes<\/li><li>Melhorar a efici\u00eancia das defesas Trabalhistas e Previdenci\u00e1rias<\/li><li>Oportunizar a defesa e a preven\u00e7\u00e3o de eventuais a\u00e7\u00f5es de Regresso por parte do INSS<\/li><li>Reduzir os \u00edndices de doen\u00e7as e acidentes do trabalho<\/li><li>Entre Outros<\/li><\/ul><p>\u00a0<\/p><p>Ao criar mais este servi\u00e7o para seus clientes, o Instituto Paulista de Medicina buscou a excel\u00eancia na assessoria e consultoria jur\u00eddica-empresarial, atuando diretamente no preventivo estrat\u00e9gico e no contencioso judicial, buscando o conv\u00edvio di\u00e1rio com todos os problemas relacionados a seus cliente, procurando conhecer profundamente o seu dia a dia, assim como, tornando poss\u00edvel identificar os poss\u00edveis caminhos e solu\u00e7\u00f5es para os problemas existentes, sempre buscando, dentre outros objetivos, a redu\u00e7\u00e3o de custos empresariais de nossos clientes.<\/p><p>Possu\u00edmos equipe t\u00e9cnica altamente qualificada, multidisciplinar, atenta a realidade atual dos benef\u00edcios por incapacidade e demais quest\u00f5es que envolvem o dia-a-dia das empresas.<\/p><p>Exemplos de servi\u00e7os oferecidos no Programa de Gest\u00e3o de Afastados:<\/p><ul><li>An\u00e1lise dos casos de afastamento j\u00e1 existentes e identifica\u00e7\u00e3o de suas causas, com indica\u00e7\u00e3o de solu\u00e7\u00f5es vi\u00e1veis a realidade da empresa.<\/li><li>Contesta\u00e7\u00e3o da aplica\u00e7\u00e3o do Nexo Tecnico-Epidemiologico Previdenciario<\/li><li>Atua\u00e7\u00e3o e acompanhamento dos benef\u00edcios na via administrativa<\/li><li>Assessoria em casos de a\u00e7\u00f5es regressivas propostas pelo INSS contra as empresas<\/li><li>Gest\u00e3o do colaborador afastamento, com acompanhamento da situa\u00e7\u00e3o dos mesmos em rela\u00e7\u00e3o a sua sa\u00fade e possibilidade de retorno ao trabalho<\/li><li>Analise estat\u00edstica dos casos, com identifica\u00e7\u00e3o dos problemas existentes e propondo melhorias<\/li><li>Consultoria t\u00e9cnica para as d\u00favidas do dia-a-dia que envolvam quest\u00f5es do Direito Previdenciario e Direito do Trabalho<\/li><li>Acompanhamento do processo de Reabilita\u00e7\u00e3o realizado pelo INSS<\/li><li>Acompanhamento peri\u00f3dico de trabalhadores com hist\u00f3rico de longos \u00a0ou frequentes afastamentos, visando sua reintegra\u00e7\u00e3o no trabalho.<\/li><\/ul>\t\t\t\t\t\t\t\t<\/div>\n\t\t\t\t<\/div>\n\t\t\t\t\t<\/div>\n\t\t<\/div>\n\t\t\t\t\t<\/div>\n\t\t<\/section>\n\t\t\t\t<\/div>\n\t\t","protected":false},"excerpt":{"rendered":"<p>Reintegra\u00e7\u00e3o de Funcion\u00e1rios Tendo em vista os reflexos das demandas trabalhistas e previdenci\u00e1rios sofridas nos \u00faltimos anos, as quais tem resultado na reintegra\u00e7\u00e3o de funcion\u00e1rios, bem como no reconhecimento da culpabilidade das Empresas em eventos denominados de acidente do trabalho, que envolvem inclusive os eventos de doen\u00e7as do trabalho e ocupacionais e a nova atua\u00e7\u00e3o [&hellip;]<\/p>\n","protected":false},"author":1,"featured_media":0,"parent":0,"menu_order":2,"comment_status":"closed","ping_status":"closed","template":"","meta":{"footnotes":""},"class_list":["post-7722","page","type-page","status-publish","hentry"],"yoast_head":"<!-- This site is optimized with the Yoast SEO plugin v24.2 - https:\/\/yoast.com\/wordpress\/plugins\/seo\/ -->\n<title>Gest\u00e3o de Afastados - IPHMT<\/title>\n<meta name=\"robots\" content=\"index, follow, max-snippet:-1, max-image-preview:large, max-video-preview:-1\" \/>\n<link rel=\"canonical\" href=\"https:\/\/algonovocom.com.br\/clientes\/institutopaulista\/gestao-de-afastados\/\" \/>\n<meta property=\"og:locale\" content=\"pt_BR\" \/>\n<meta property=\"og:type\" content=\"article\" \/>\n<meta property=\"og:title\" content=\"Gest\u00e3o de Afastados - IPHMT\" \/>\n<meta property=\"og:description\" content=\"Reintegra\u00e7\u00e3o de Funcion\u00e1rios Tendo em vista os reflexos das demandas trabalhistas e previdenci\u00e1rios sofridas nos \u00faltimos anos, as quais tem resultado na reintegra\u00e7\u00e3o de funcion\u00e1rios, bem como no reconhecimento da culpabilidade das Empresas em eventos denominados de acidente do trabalho, que envolvem inclusive os eventos de doen\u00e7as do trabalho e ocupacionais e a nova atua\u00e7\u00e3o [&hellip;]\" \/>\n<meta property=\"og:url\" content=\"https:\/\/algonovocom.com.br\/clientes\/institutopaulista\/gestao-de-afastados\/\" \/>\n<meta property=\"og:site_name\" content=\"IPHMT\" \/>\n<meta property=\"article:modified_time\" content=\"2025-02-28T18:59:54+00:00\" \/>\n<meta name=\"twitter:card\" content=\"summary_large_image\" \/>\n<meta name=\"twitter:label1\" content=\"Est. tempo de leitura\" \/>\n\t<meta name=\"twitter:data1\" content=\"3 minutos\" \/>\n<script type=\"application\/ld+json\" class=\"yoast-schema-graph\">{\"@context\":\"https:\/\/schema.org\",\"@graph\":[{\"@type\":\"WebPage\",\"@id\":\"https:\/\/algonovocom.com.br\/clientes\/institutopaulista\/gestao-de-afastados\/\",\"url\":\"https:\/\/algonovocom.com.br\/clientes\/institutopaulista\/gestao-de-afastados\/\",\"name\":\"Gest\u00e3o de Afastados - IPHMT\",\"isPartOf\":{\"@id\":\"https:\/\/algonovocom.com.br\/clientes\/institutopaulista\/#website\"},\"datePublished\":\"2025-02-28T18:51:44+00:00\",\"dateModified\":\"2025-02-28T18:59:54+00:00\",\"breadcrumb\":{\"@id\":\"https:\/\/algonovocom.com.br\/clientes\/institutopaulista\/gestao-de-afastados\/#breadcrumb\"},\"inLanguage\":\"pt-BR\",\"potentialAction\":[{\"@type\":\"ReadAction\",\"target\":[\"https:\/\/algonovocom.com.br\/clientes\/institutopaulista\/gestao-de-afastados\/\"]}]},{\"@type\":\"BreadcrumbList\",\"@id\":\"https:\/\/algonovocom.com.br\/clientes\/institutopaulista\/gestao-de-afastados\/#breadcrumb\",\"itemListElement\":[{\"@type\":\"ListItem\",\"position\":1,\"name\":\"In\u00edcio\",\"item\":\"https:\/\/algonovocom.com.br\/clientes\/institutopaulista\/\"},{\"@type\":\"ListItem\",\"position\":2,\"name\":\"Gest\u00e3o de Afastados\"}]},{\"@type\":\"WebSite\",\"@id\":\"https:\/\/algonovocom.com.br\/clientes\/institutopaulista\/#website\",\"url\":\"https:\/\/algonovocom.com.br\/clientes\/institutopaulista\/\",\"name\":\"IPHMT\",\"description\":\"Instituto Paulista de Higiene e Medicina do Trabalho\",\"publisher\":{\"@id\":\"https:\/\/algonovocom.com.br\/clientes\/institutopaulista\/#organization\"},\"potentialAction\":[{\"@type\":\"SearchAction\",\"target\":{\"@type\":\"EntryPoint\",\"urlTemplate\":\"https:\/\/algonovocom.com.br\/clientes\/institutopaulista\/?s={search_term_string}\"},\"query-input\":{\"@type\":\"PropertyValueSpecification\",\"valueRequired\":true,\"valueName\":\"search_term_string\"}}],\"inLanguage\":\"pt-BR\"},{\"@type\":\"Organization\",\"@id\":\"https:\/\/algonovocom.com.br\/clientes\/institutopaulista\/#organization\",\"name\":\"IPHMT\",\"url\":\"https:\/\/algonovocom.com.br\/clientes\/institutopaulista\/\",\"logo\":{\"@type\":\"ImageObject\",\"inLanguage\":\"pt-BR\",\"@id\":\"https:\/\/algonovocom.com.br\/clientes\/institutopaulista\/#\/schema\/logo\/image\/\",\"url\":\"https:\/\/algonovocom.com.br\/clientes\/institutopaulista\/wp-content\/uploads\/2025\/02\/logo-ip-horizontal-claro.png\",\"contentUrl\":\"https:\/\/algonovocom.com.br\/clientes\/institutopaulista\/wp-content\/uploads\/2025\/02\/logo-ip-horizontal-claro.png\",\"width\":1200,\"height\":416,\"caption\":\"IPHMT\"},\"image\":{\"@id\":\"https:\/\/algonovocom.com.br\/clientes\/institutopaulista\/#\/schema\/logo\/image\/\"}}]}<\/script>\n<!-- \/ Yoast SEO plugin. -->","yoast_head_json":{"title":"Gest\u00e3o de Afastados - IPHMT","robots":{"index":"index","follow":"follow","max-snippet":"max-snippet:-1","max-image-preview":"max-image-preview:large","max-video-preview":"max-video-preview:-1"},"canonical":"https:\/\/algonovocom.com.br\/clientes\/institutopaulista\/gestao-de-afastados\/","og_locale":"pt_BR","og_type":"article","og_title":"Gest\u00e3o de Afastados - IPHMT","og_description":"Reintegra\u00e7\u00e3o de Funcion\u00e1rios Tendo em vista os reflexos das demandas trabalhistas e previdenci\u00e1rios sofridas nos \u00faltimos anos, as quais tem resultado na reintegra\u00e7\u00e3o de funcion\u00e1rios, bem como no reconhecimento da culpabilidade das Empresas em eventos denominados de acidente do trabalho, que envolvem inclusive os eventos de doen\u00e7as do trabalho e ocupacionais e a nova atua\u00e7\u00e3o [&hellip;]","og_url":"https:\/\/algonovocom.com.br\/clientes\/institutopaulista\/gestao-de-afastados\/","og_site_name":"IPHMT","article_modified_time":"2025-02-28T18:59:54+00:00","twitter_card":"summary_large_image","twitter_misc":{"Est. tempo de leitura":"3 minutos"},"schema":{"@context":"https:\/\/schema.org","@graph":[{"@type":"WebPage","@id":"https:\/\/algonovocom.com.br\/clientes\/institutopaulista\/gestao-de-afastados\/","url":"https:\/\/algonovocom.com.br\/clientes\/institutopaulista\/gestao-de-afastados\/","name":"Gest\u00e3o de Afastados - IPHMT","isPartOf":{"@id":"https:\/\/algonovocom.com.br\/clientes\/institutopaulista\/#website"},"datePublished":"2025-02-28T18:51:44+00:00","dateModified":"2025-02-28T18:59:54+00:00","breadcrumb":{"@id":"https:\/\/algonovocom.com.br\/clientes\/institutopaulista\/gestao-de-afastados\/#breadcrumb"},"inLanguage":"pt-BR","potentialAction":[{"@type":"ReadAction","target":["https:\/\/algonovocom.com.br\/clientes\/institutopaulista\/gestao-de-afastados\/"]}]},{"@type":"BreadcrumbList","@id":"https:\/\/algonovocom.com.br\/clientes\/institutopaulista\/gestao-de-afastados\/#breadcrumb","itemListElement":[{"@type":"ListItem","position":1,"name":"In\u00edcio","item":"https:\/\/algonovocom.com.br\/clientes\/institutopaulista\/"},{"@type":"ListItem","position":2,"name":"Gest\u00e3o de Afastados"}]},{"@type":"WebSite","@id":"https:\/\/algonovocom.com.br\/clientes\/institutopaulista\/#website","url":"https:\/\/algonovocom.com.br\/clientes\/institutopaulista\/","name":"IPHMT","description":"Instituto Paulista de Higiene e Medicina do Trabalho","publisher":{"@id":"https:\/\/algonovocom.com.br\/clientes\/institutopaulista\/#organization"},"potentialAction":[{"@type":"SearchAction","target":{"@type":"EntryPoint","urlTemplate":"https:\/\/algonovocom.com.br\/clientes\/institutopaulista\/?s={search_term_string}"},"query-input":{"@type":"PropertyValueSpecification","valueRequired":true,"valueName":"search_term_string"}}],"inLanguage":"pt-BR"},{"@type":"Organization","@id":"https:\/\/algonovocom.com.br\/clientes\/institutopaulista\/#organization","name":"IPHMT","url":"https:\/\/algonovocom.com.br\/clientes\/institutopaulista\/","logo":{"@type":"ImageObject","inLanguage":"pt-BR","@id":"https:\/\/algonovocom.com.br\/clientes\/institutopaulista\/#\/schema\/logo\/image\/","url":"https:\/\/algonovocom.com.br\/clientes\/institutopaulista\/wp-content\/uploads\/2025\/02\/logo-ip-horizontal-claro.png","contentUrl":"https:\/\/algonovocom.com.br\/clientes\/institutopaulista\/wp-content\/uploads\/2025\/02\/logo-ip-horizontal-claro.png","width":1200,"height":416,"caption":"IPHMT"},"image":{"@id":"https:\/\/algonovocom.com.br\/clientes\/institutopaulista\/#\/schema\/logo\/image\/"}}]}},"_links":{"self":[{"href":"https:\/\/algonovocom.com.br\/clientes\/institutopaulista\/wp-json\/wp\/v2\/pages\/7722","targetHints":{"allow":["GET"]}}],"collection":[{"href":"https:\/\/algonovocom.com.br\/clientes\/institutopaulista\/wp-json\/wp\/v2\/pages"}],"about":[{"href":"https:\/\/algonovocom.com.br\/clientes\/institutopaulista\/wp-json\/wp\/v2\/types\/page"}],"author":[{"embeddable":true,"href":"https:\/\/algonovocom.com.br\/clientes\/institutopaulista\/wp-json\/wp\/v2\/users\/1"}],"replies":[{"embeddable":true,"href":"https:\/\/algonovocom.com.br\/clientes\/institutopaulista\/wp-json\/wp\/v2\/comments?post=7722"}],"version-history":[{"count":0,"href":"https:\/\/algonovocom.com.br\/clientes\/institutopaulista\/wp-json\/wp\/v2\/pages\/7722\/revisions"}],"wp:attachment":[{"href":"https:\/\/algonovocom.com.br\/clientes\/institutopaulista\/wp-json\/wp\/v2\/media?parent=7722"}],"curies":[{"name":"wp","href":"https:\/\/api.w.org\/{rel}","templated":true}]}}