{"id":7128,"date":"2025-02-10T14:05:11","date_gmt":"2025-02-10T14:05:11","guid":{"rendered":"https:\/\/algonovocom.com.br\/clientes\/ibp\/?page_id=7128"},"modified":"2025-03-12T14:27:22","modified_gmt":"2025-03-12T14:27:22","slug":"equipe","status":"publish","type":"page","link":"https:\/\/algonovocom.com.br\/clientes\/institutopaulista\/equipe\/","title":{"rendered":"Equipe"},"content":{"rendered":"\t\t<div data-elementor-type=\"wp-page\" data-elementor-id=\"7128\" class=\"elementor elementor-7128\" data-elementor-post-type=\"page\">\n\t\t\t\t\t\t<section class=\"elementor-section elementor-top-section elementor-element elementor-element-1c8a44d elementor-section-height-min-height elementor-section-boxed elementor-section-height-default elementor-section-items-middle\" data-id=\"1c8a44d\" data-element_type=\"section\">\n\t\t\t\t\t\t<div class=\"elementor-container elementor-column-gap-default\">\n\t\t\t\t\t<div class=\"elementor-column elementor-col-100 elementor-top-column elementor-element elementor-element-d8017b9\" data-id=\"d8017b9\" data-element_type=\"column\">\n\t\t\t<div class=\"elementor-widget-wrap elementor-element-populated\">\n\t\t\t\t\t\t<div class=\"elementor-element elementor-element-679731b elementor-widget elementor-widget-heading\" data-id=\"679731b\" data-element_type=\"widget\" data-widget_type=\"heading.default\">\n\t\t\t\t<div class=\"elementor-widget-container\">\n\t\t\t\t\t<h2 class=\"elementor-heading-title elementor-size-default\">Dr. Jo\u00e3o Baptista Opitz Jr.<\/h2>\t\t\t\t<\/div>\n\t\t\t\t<\/div>\n\t\t\t\t<section class=\"elementor-section elementor-inner-section elementor-element elementor-element-e4e1e82 elementor-section-full_width elementor-section-height-default elementor-section-height-default\" data-id=\"e4e1e82\" data-element_type=\"section\">\n\t\t\t\t\t\t<div class=\"elementor-container elementor-column-gap-default\">\n\t\t\t\t\t<div class=\"elementor-column elementor-col-50 elementor-inner-column elementor-element elementor-element-c3818a9\" data-id=\"c3818a9\" data-element_type=\"column\" data-settings=\"{&quot;background_background&quot;:&quot;classic&quot;,&quot;background_motion_fx_motion_fx_scrolling&quot;:&quot;yes&quot;,&quot;background_motion_fx_devices&quot;:[&quot;desktop&quot;,&quot;tablet&quot;,&quot;mobile&quot;]}\">\n\t\t\t<div class=\"elementor-widget-wrap elementor-element-populated\">\n\t\t\t\t\t\t<div class=\"elementor-element elementor-element-86e235b elementor-widget elementor-widget-image\" data-id=\"86e235b\" data-element_type=\"widget\" data-widget_type=\"image.default\">\n\t\t\t\t<div class=\"elementor-widget-container\">\n\t\t\t\t\t\t\t\t\t\t\t\t\t\t\t<img fetchpriority=\"high\" decoding=\"async\" width=\"188\" height=\"268\" src=\"https:\/\/algonovocom.com.br\/clientes\/institutopaulista\/wp-content\/uploads\/2025\/02\/download.jpg\" class=\"attachment-full size-full wp-image-7497\" alt=\"\" \/>\t\t\t\t\t\t\t\t\t\t\t\t\t\t\t<\/div>\n\t\t\t\t<\/div>\n\t\t\t\t\t<\/div>\n\t\t<\/div>\n\t\t\t\t<div class=\"elementor-column elementor-col-50 elementor-inner-column elementor-element elementor-element-ca13591\" data-id=\"ca13591\" data-element_type=\"column\">\n\t\t\t<div class=\"elementor-widget-wrap elementor-element-populated\">\n\t\t\t\t\t\t<div class=\"elementor-element elementor-element-bc3f320 elementor-widget elementor-widget-text-editor\" data-id=\"bc3f320\" data-element_type=\"widget\" data-widget_type=\"text-editor.default\">\n\t\t\t\t<div class=\"elementor-widget-container\">\n\t\t\t\t\t\t\t\t\t<p><strong>T\u00edtulos em Medicina<\/strong>&nbsp;Doutor em Medicina pela Faculdade de Medicina da USP; Mestre em Medicina pela Faculdade de Medicina da USP; P\u00f3s-graduado em Medicina Forense; Especialista em Medicina do Trabalho, Medicina Legal e Pericia M\u00e9dica pela AMB\/CFM;<\/p>\n<p><strong>Cargos em Medicina<\/strong>&nbsp;Perito M\u00e9dico do Tribunal de Justi\u00e7a de S\u00e3o Paulo; Perito M\u00e9dico Forense atuante nas Varas C\u00edveis,Criminais e Trabalhistas de S\u00e3o Paulo; Autor de v\u00e1rias obras em Per\u00edcia M\u00e9dica, Erro M\u00e9dico e Responsabilidade C\u00edvel; Diretor respons\u00e1vel pelo Instituto Paulista de Higiene, Medicina Forense e do Trabalho; Ex-Diretor da Sociedade Brasileira de Per\u00edcia M\u00e9dica Regional S\u00e3o Paulo. Professor do Curso Erro M\u00e9dico \u2013 Responsabilidade M\u00e9dica no Departamento de Cirurgia do Aparelho Digestivo do HC-FMUSP.<\/p>\n<p><strong>T\u00edtulo em Direito<\/strong>&nbsp;P\u00f3s-graduado em Direito Previdenci\u00e1rio; Doutorando em Ci\u00eancias Jur\u00eddicas e Sociais UMSA\/AR; P\u00f3s-doutor em Direito Penal e Garantias Constitucionais ULM\/AR<\/p>\n<p><strong>Cargos em Direito<\/strong>&nbsp;\u2022 Autor de v\u00e1rias obras em Per\u00edcia M\u00e9dica, Erro M\u00e9dico e Responsabilidade C\u00edvel;<br>\u2022 Diretor Jur\u00eddico da Associa\u00e7\u00e3o Paulista de Medicina do Trabalho;<br>\u2022 Professor do Curso de Mestrado em Bio\u00e9tica e Biodireito da UMSA\/ARGENTINA<br>\u2022 Ex-Membro Consultor da \u201cComiss\u00e3o de Direito Previdenci\u00e1rio\u201d da Ordem dos Advogados do Brasil \u2013 OAB\/SP<br>\u2022 Membro Consultor da \u201cComiss\u00e3o de Direito de Familia e Sucess\u00f5es\u201d da Ordem dos Advogados do Brasil \u2013 OAB\/SP<\/p>\t\t\t\t\t\t\t\t<\/div>\n\t\t\t\t<\/div>\n\t\t\t\t\t<\/div>\n\t\t<\/div>\n\t\t\t\t\t<\/div>\n\t\t<\/section>\n\t\t\t\t\t<\/div>\n\t\t<\/div>\n\t\t\t\t\t<\/div>\n\t\t<\/section>\n\t\t\t\t<section class=\"elementor-section elementor-top-section elementor-element elementor-element-7a40c17 elementor-section-height-min-height elementor-section-boxed elementor-section-height-default elementor-section-items-middle\" data-id=\"7a40c17\" data-element_type=\"section\">\n\t\t\t\t\t\t<div class=\"elementor-container elementor-column-gap-default\">\n\t\t\t\t\t<div class=\"elementor-column elementor-col-100 elementor-top-column elementor-element elementor-element-12f3499\" data-id=\"12f3499\" data-element_type=\"column\">\n\t\t\t<div class=\"elementor-widget-wrap elementor-element-populated\">\n\t\t\t\t\t\t<div class=\"elementor-element elementor-element-062c0b5 elementor-widget elementor-widget-heading\" data-id=\"062c0b5\" data-element_type=\"widget\" data-widget_type=\"heading.default\">\n\t\t\t\t<div class=\"elementor-widget-container\">\n\t\t\t\t\t<h2 class=\"elementor-heading-title elementor-size-default\">Dr. Jo\u00e3o Baptista Opitz Neto<\/h2>\t\t\t\t<\/div>\n\t\t\t\t<\/div>\n\t\t\t\t<section class=\"elementor-section elementor-inner-section elementor-element elementor-element-5405cfd elementor-section-full_width elementor-section-height-default elementor-section-height-default\" data-id=\"5405cfd\" data-element_type=\"section\">\n\t\t\t\t\t\t<div class=\"elementor-container elementor-column-gap-default\">\n\t\t\t\t\t<div class=\"elementor-column elementor-col-50 elementor-inner-column elementor-element elementor-element-e97b3b7\" data-id=\"e97b3b7\" data-element_type=\"column\" data-settings=\"{&quot;background_background&quot;:&quot;classic&quot;,&quot;background_motion_fx_motion_fx_scrolling&quot;:&quot;yes&quot;,&quot;background_motion_fx_devices&quot;:[&quot;desktop&quot;,&quot;tablet&quot;,&quot;mobile&quot;]}\">\n\t\t\t<div class=\"elementor-widget-wrap elementor-element-populated\">\n\t\t\t\t\t\t<div class=\"elementor-element elementor-element-8688847 elementor-widget elementor-widget-image\" data-id=\"8688847\" data-element_type=\"widget\" data-widget_type=\"image.default\">\n\t\t\t\t<div class=\"elementor-widget-container\">\n\t\t\t\t\t\t\t\t\t\t\t\t\t\t\t<img decoding=\"async\" width=\"783\" height=\"1024\" src=\"https:\/\/algonovocom.com.br\/clientes\/institutopaulista\/wp-content\/uploads\/2025\/03\/foto4d3969cc85ea0413cea7919e741dd394.png\" class=\"attachment-full size-full wp-image-7986\" alt=\"\" srcset=\"https:\/\/algonovocom.com.br\/clientes\/institutopaulista\/wp-content\/uploads\/2025\/03\/foto4d3969cc85ea0413cea7919e741dd394.png 783w, https:\/\/algonovocom.com.br\/clientes\/institutopaulista\/wp-content\/uploads\/2025\/03\/foto4d3969cc85ea0413cea7919e741dd394-229x300.png 229w, https:\/\/algonovocom.com.br\/clientes\/institutopaulista\/wp-content\/uploads\/2025\/03\/foto4d3969cc85ea0413cea7919e741dd394-768x1004.png 768w\" sizes=\"(max-width: 783px) 100vw, 783px\" \/>\t\t\t\t\t\t\t\t\t\t\t\t\t\t\t<\/div>\n\t\t\t\t<\/div>\n\t\t\t\t\t<\/div>\n\t\t<\/div>\n\t\t\t\t<div class=\"elementor-column elementor-col-50 elementor-inner-column elementor-element elementor-element-348716b\" data-id=\"348716b\" data-element_type=\"column\">\n\t\t\t<div class=\"elementor-widget-wrap elementor-element-populated\">\n\t\t\t\t\t\t<div class=\"elementor-element elementor-element-5b7f2bd elementor-widget elementor-widget-text-editor\" data-id=\"5b7f2bd\" data-element_type=\"widget\" data-widget_type=\"text-editor.default\">\n\t\t\t\t<div class=\"elementor-widget-container\">\n\t\t\t\t\t\t\t\t\t<p>\u2022 Mestre em Bio\u00e9tica e Biodireito pela UMSA \u2013 Universidad Del Museo Social Argentino \u2013 Buenos Aires \u2013 AR;<br \/>\u2022 T\u00edtulo de Especialista em Medicina Legal e Per\u00edcia M\u00e9dica \u2013 AMB\/SBMLPM.<br \/>\u2022 Registro da Especialidade de Medicina do Trabalho no Conselho Regional de Medicina do Estado de S\u00e3o Paulo \u2013 RQE: 35.884;<br \/>\u2022 P\u00f3s-Graduado em Ergonomia pelo SENAC-SP.<br \/>\u2022 P\u00f3s-Graduado em Medicina Legal pelo Instituto Oscar Freire da Faculdade de Medicina da Universidade de S\u00e3o Paulo;<br \/>\u2022 P\u00f3s-Graduado em Medicina do Trabalho pela Universidade Camilo Castelo Branco;<br \/>\u2022 Gradua\u00e7\u00e3o em Medicina. Faculdade de Medicina de Jundia\u00ed;<br \/>\u2022 Graduando em Direito pela Universidade Paulista &#8211; UNIP;<br \/>\u2022 Autor do livro Per\u00edcia M\u00e9dica Trabalhista \u2013 Editora Riedel, 2011;<br \/>\u2022 Co-autor do livro Medicina do trabalho e Per\u00edcia M\u00e9dica \u2013 2\u00aa. edi\u00e7\u00e3o \u2013 revisada e atualizada . Editora Santos, 2011;<br \/>\u2022 Professor na \u00e1rea de medicina do trabalho, pericia m\u00e9dica e meio ambiente de trabalho em cursos de P\u00f3s-Gradua\u00e7\u00e3o de Medicina e Direito;<br \/>\u2022 Coordenador do Comit\u00ea de \u00c9tica em Pesquisa da Faculdade de Medicina de Jundia\u00ed;<br \/>\u2022 Atua\u00e7\u00e3o como Perito Judicial na 13o, 25\u00ba, 64o e 78o Vara do Trabalho de S\u00e3o Paulo \u2013 TRT 2 Regi\u00e3o;<br \/>\u2022 Assistente T\u00e9cnico em processos Judiciais Trabalhistas, Previdenci\u00e1rios e C\u00edveis;<br \/>\u2022 Membro do Corpo Cl\u00ednico do Instituto Paulista de Higiene, Medicina Forense e do Trabalho;<\/p>\t\t\t\t\t\t\t\t<\/div>\n\t\t\t\t<\/div>\n\t\t\t\t\t<\/div>\n\t\t<\/div>\n\t\t\t\t\t<\/div>\n\t\t<\/section>\n\t\t\t\t\t<\/div>\n\t\t<\/div>\n\t\t\t\t\t<\/div>\n\t\t<\/section>\n\t\t\t\t<section class=\"elementor-section elementor-top-section elementor-element elementor-element-ee04ec9 elementor-section-height-min-height elementor-hidden-desktop elementor-hidden-tablet elementor-hidden-mobile elementor-section-boxed elementor-section-height-default elementor-section-items-middle\" data-id=\"ee04ec9\" data-element_type=\"section\">\n\t\t\t\t\t\t<div class=\"elementor-container elementor-column-gap-default\">\n\t\t\t\t\t<div class=\"elementor-column elementor-col-100 elementor-top-column elementor-element elementor-element-efb9aa1\" data-id=\"efb9aa1\" data-element_type=\"column\">\n\t\t\t<div class=\"elementor-widget-wrap elementor-element-populated\">\n\t\t\t\t\t\t<div class=\"elementor-element elementor-element-81001f6 elementor-widget elementor-widget-heading\" data-id=\"81001f6\" data-element_type=\"widget\" data-widget_type=\"heading.default\">\n\t\t\t\t<div class=\"elementor-widget-container\">\n\t\t\t\t\t<h2 class=\"elementor-heading-title elementor-size-default\">Jo\u00e3o Baptista Opitz Jr.<\/h2>\t\t\t\t<\/div>\n\t\t\t\t<\/div>\n\t\t\t\t<section class=\"elementor-section elementor-inner-section elementor-element elementor-element-6f9e0a6 elementor-section-full_width elementor-section-height-default elementor-section-height-default\" data-id=\"6f9e0a6\" data-element_type=\"section\">\n\t\t\t\t\t\t<div class=\"elementor-container elementor-column-gap-default\">\n\t\t\t\t\t<div class=\"elementor-column elementor-col-50 elementor-inner-column elementor-element elementor-element-6c60210\" data-id=\"6c60210\" data-element_type=\"column\" data-settings=\"{&quot;background_background&quot;:&quot;classic&quot;,&quot;background_motion_fx_motion_fx_scrolling&quot;:&quot;yes&quot;,&quot;background_motion_fx_devices&quot;:[&quot;desktop&quot;,&quot;tablet&quot;,&quot;mobile&quot;]}\">\n\t\t\t<div class=\"elementor-widget-wrap elementor-element-populated\">\n\t\t\t\t\t\t<div class=\"elementor-element elementor-element-6d74ded elementor-widget elementor-widget-image\" data-id=\"6d74ded\" data-element_type=\"widget\" data-widget_type=\"image.default\">\n\t\t\t\t<div class=\"elementor-widget-container\">\n\t\t\t\t\t\t\t\t\t\t\t\t<figure class=\"wp-caption\">\n\t\t\t\t\t\t\t\t\t\t<img fetchpriority=\"high\" decoding=\"async\" width=\"188\" height=\"268\" src=\"https:\/\/algonovocom.com.br\/clientes\/institutopaulista\/wp-content\/uploads\/2025\/02\/download.jpg\" class=\"attachment-full size-full wp-image-7497\" alt=\"\" \/>\t\t\t\t\t\t\t\t\t\t\t<figcaption class=\"widget-image-caption wp-caption-text\">Jo\u00e3o Baptista Opitz Jr. | Presidente do Instituto Paulista de Higi\u00eane e Medicina do Trabalho<\/figcaption>\n\t\t\t\t\t\t\t\t\t\t<\/figure>\n\t\t\t\t\t\t\t\t\t<\/div>\n\t\t\t\t<\/div>\n\t\t\t\t\t<\/div>\n\t\t<\/div>\n\t\t\t\t<div class=\"elementor-column elementor-col-50 elementor-inner-column elementor-element elementor-element-f025c1e\" data-id=\"f025c1e\" data-element_type=\"column\">\n\t\t\t<div class=\"elementor-widget-wrap elementor-element-populated\">\n\t\t\t\t\t\t<div class=\"elementor-element elementor-element-5046099 e-transform elementor-view-default elementor-widget elementor-widget-icon\" data-id=\"5046099\" data-element_type=\"widget\" data-settings=\"{&quot;_transform_translateX_effect&quot;:{&quot;unit&quot;:&quot;px&quot;,&quot;size&quot;:-20,&quot;sizes&quot;:[]},&quot;_transform_translateX_effect_tablet&quot;:{&quot;unit&quot;:&quot;px&quot;,&quot;size&quot;:&quot;&quot;,&quot;sizes&quot;:[]},&quot;_transform_translateX_effect_mobile&quot;:{&quot;unit&quot;:&quot;px&quot;,&quot;size&quot;:&quot;&quot;,&quot;sizes&quot;:[]},&quot;_transform_translateY_effect&quot;:{&quot;unit&quot;:&quot;px&quot;,&quot;size&quot;:&quot;&quot;,&quot;sizes&quot;:[]},&quot;_transform_translateY_effect_tablet&quot;:{&quot;unit&quot;:&quot;px&quot;,&quot;size&quot;:&quot;&quot;,&quot;sizes&quot;:[]},&quot;_transform_translateY_effect_mobile&quot;:{&quot;unit&quot;:&quot;px&quot;,&quot;size&quot;:&quot;&quot;,&quot;sizes&quot;:[]}}\" data-widget_type=\"icon.default\">\n\t\t\t\t<div class=\"elementor-widget-container\">\n\t\t\t\t\t\t\t<div class=\"elementor-icon-wrapper\">\n\t\t\t<div class=\"elementor-icon\">\n\t\t\t<i aria-hidden=\"true\" class=\"fas fa-quote-left\"><\/i>\t\t\t<\/div>\n\t\t<\/div>\n\t\t\t\t\t\t<\/div>\n\t\t\t\t<\/div>\n\t\t\t\t<div class=\"elementor-element elementor-element-e80d689 elementor-widget elementor-widget-text-editor\" data-id=\"e80d689\" data-element_type=\"widget\" data-widget_type=\"text-editor.default\">\n\t\t\t\t<div class=\"elementor-widget-container\">\n\t\t\t\t\t\t\t\t\t<p>Lorem ipsum dolor sit amet, consectetur adipiscing elit, sed do eiusmod tempor incididunt ut labore et dolore magna aliqua. Ut enim ad minim veniam, quis nostrud exercitation ullamco laboris nisi ut aliquip ex ea commodo consequat. Duis aute irure dolor in reprehenderit in voluptate velit esse cillum dolore eu fugiat nulla pariatur. Excepteur sint occaecat cupidatat non proident, sunt in culpa qui officia deserunt mollit anim id est laborum.<\/p>\t\t\t\t\t\t\t\t<\/div>\n\t\t\t\t<\/div>\n\t\t\t\t\t<\/div>\n\t\t<\/div>\n\t\t\t\t\t<\/div>\n\t\t<\/section>\n\t\t\t\t\t<\/div>\n\t\t<\/div>\n\t\t\t\t\t<\/div>\n\t\t<\/section>\n\t\t\t\t<section class=\"elementor-section elementor-top-section elementor-element elementor-element-6b0cee3 elementor-section-height-min-height elementor-hidden-desktop elementor-hidden-tablet elementor-hidden-mobile elementor-section-boxed elementor-section-height-default elementor-section-items-middle\" data-id=\"6b0cee3\" data-element_type=\"section\">\n\t\t\t\t\t\t<div class=\"elementor-container elementor-column-gap-default\">\n\t\t\t\t\t<div class=\"elementor-column elementor-col-100 elementor-top-column elementor-element elementor-element-0a91f78\" data-id=\"0a91f78\" data-element_type=\"column\">\n\t\t\t<div class=\"elementor-widget-wrap elementor-element-populated\">\n\t\t\t\t\t\t<div class=\"elementor-element elementor-element-c071894 elementor-widget-divider--view-line_text elementor-widget-divider--element-align-center elementor-widget elementor-widget-divider\" data-id=\"c071894\" data-element_type=\"widget\" data-widget_type=\"divider.default\">\n\t\t\t\t<div class=\"elementor-widget-container\">\n\t\t\t\t\t\t\t<div class=\"elementor-divider\">\n\t\t\t<span class=\"elementor-divider-separator\">\n\t\t\t\t\t\t\t<span class=\"elementor-divider__text elementor-divider__element\">\n\t\t\t\tSobre o Professor\t\t\t\t<\/span>\n\t\t\t\t\t\t<\/span>\n\t\t<\/div>\n\t\t\t\t\t\t<\/div>\n\t\t\t\t<\/div>\n\t\t\t\t<div class=\"elementor-element elementor-element-e658465 elementor-widget elementor-widget-text-editor\" data-id=\"e658465\" data-element_type=\"widget\" data-widget_type=\"text-editor.default\">\n\t\t\t\t<div class=\"elementor-widget-container\">\n\t\t\t\t\t\t\t\t\t<p><strong>T\u00edtulos em Medicina<\/strong>\u00a0Doutor em Medicina pela Faculdade de Medicina da USP; Mestre em Medicina pela Faculdade de Medicina da USP; P\u00f3s-graduado em Medicina Forense; Especialista em Medicina do Trabalho, Medicina Legal e Pericia M\u00e9dica pela AMB\/CFM;<br \/><br \/><strong>Cargos em Medicina<\/strong>\u00a0Perito M\u00e9dico do Tribunal de Justi\u00e7a de S\u00e3o Paulo; Perito M\u00e9dico Forense atuante nas Varas C\u00edveis,Criminais e Trabalhistas de S\u00e3o Paulo; Autor de v\u00e1rias obras em Per\u00edcia M\u00e9dica, Erro M\u00e9dico e Responsabilidade C\u00edvel; Diretor respons\u00e1vel pelo Instituto Paulista de Higiene, Medicina Forense e do Trabalho; Ex-Diretor da Sociedade Brasileira de Per\u00edcia M\u00e9dica Regional S\u00e3o Paulo. Professor do Curso Erro M\u00e9dico \u2013 Responsabilidade M\u00e9dica no Departamento de Cirurgia do Aparelho Digestivo do HC-FMUSP.<br \/><br \/><strong>T\u00edtulo em Direito<\/strong>\u00a0P\u00f3s-graduado em Direito Previdenci\u00e1rio; Doutorando em Ci\u00eancias Jur\u00eddicas e Sociais UMSA\/AR; P\u00f3s-doutor em Direito Penal e Garantias Constitucionais ULM\/AR<br \/><br \/><strong>Cargos em Direito<\/strong>\u00a0\u2022 Autor de v\u00e1rias obras em Per\u00edcia M\u00e9dica, Erro M\u00e9dico e Responsabilidade C\u00edvel;<br \/>\u2022 Diretor Jur\u00eddico da Associa\u00e7\u00e3o Paulista de Medicina do Trabalho;<br \/>\u2022 Professor do Curso de Mestrado em Bio\u00e9tica e Biodireito da UMSA\/ARGENTINA<br \/>\u2022 Ex-Membro Consultor da \u201cComiss\u00e3o de Direito Previdenci\u00e1rio\u201d da Ordem dos Advogados do Brasil \u2013 OAB\/SP<br \/>\u2022 Membro Consultor da \u201cComiss\u00e3o de Direito de Familia e Sucess\u00f5es\u201d da Ordem dos Advogados do Brasil \u2013 OAB\/SP<\/p>\t\t\t\t\t\t\t\t<\/div>\n\t\t\t\t<\/div>\n\t\t\t\t\t<\/div>\n\t\t<\/div>\n\t\t\t\t\t<\/div>\n\t\t<\/section>\n\t\t\t\t<\/div>\n\t\t","protected":false},"excerpt":{"rendered":"<p>Dr. Jo\u00e3o Baptista Opitz Jr. T\u00edtulos em Medicina&nbsp;Doutor em Medicina pela Faculdade de Medicina da USP; Mestre em Medicina pela Faculdade de Medicina da USP; P\u00f3s-graduado em Medicina Forense; Especialista em Medicina do Trabalho, Medicina Legal e Pericia M\u00e9dica pela AMB\/CFM; Cargos em Medicina&nbsp;Perito M\u00e9dico do Tribunal de Justi\u00e7a de S\u00e3o Paulo; Perito M\u00e9dico Forense [&hellip;]<\/p>\n","protected":false},"author":1,"featured_media":0,"parent":0,"menu_order":2,"comment_status":"closed","ping_status":"closed","template":"","meta":{"footnotes":""},"class_list":["post-7128","page","type-page","status-publish","hentry"],"yoast_head":"<!-- This site is optimized with the Yoast SEO plugin v24.2 - https:\/\/yoast.com\/wordpress\/plugins\/seo\/ -->\n<title>Equipe - IPHMT<\/title>\n<meta name=\"robots\" content=\"index, follow, max-snippet:-1, max-image-preview:large, max-video-preview:-1\" \/>\n<link rel=\"canonical\" href=\"https:\/\/algonovocom.com.br\/clientes\/institutopaulista\/equipe\/\" \/>\n<meta property=\"og:locale\" content=\"pt_BR\" \/>\n<meta property=\"og:type\" content=\"article\" \/>\n<meta property=\"og:title\" content=\"Equipe - IPHMT\" \/>\n<meta property=\"og:description\" content=\"Dr. Jo\u00e3o Baptista Opitz Jr. T\u00edtulos em Medicina&nbsp;Doutor em Medicina pela Faculdade de Medicina da USP; Mestre em Medicina pela Faculdade de Medicina da USP; P\u00f3s-graduado em Medicina Forense; Especialista em Medicina do Trabalho, Medicina Legal e Pericia M\u00e9dica pela AMB\/CFM; Cargos em Medicina&nbsp;Perito M\u00e9dico do Tribunal de Justi\u00e7a de S\u00e3o Paulo; Perito M\u00e9dico Forense [&hellip;]\" \/>\n<meta property=\"og:url\" content=\"https:\/\/algonovocom.com.br\/clientes\/institutopaulista\/equipe\/\" \/>\n<meta property=\"og:site_name\" content=\"IPHMT\" \/>\n<meta property=\"article:modified_time\" content=\"2025-03-12T14:27:22+00:00\" \/>\n<meta property=\"og:image\" content=\"https:\/\/algonovocom.com.br\/clientes\/institutopaulista\/wp-content\/uploads\/2025\/02\/download.jpg\" \/>\n\t<meta property=\"og:image:width\" content=\"188\" \/>\n\t<meta property=\"og:image:height\" content=\"268\" \/>\n\t<meta property=\"og:image:type\" content=\"image\/jpeg\" \/>\n<meta name=\"twitter:card\" content=\"summary_large_image\" \/>\n<meta name=\"twitter:label1\" content=\"Est. tempo de leitura\" \/>\n\t<meta name=\"twitter:data1\" content=\"5 minutos\" \/>\n<script type=\"application\/ld+json\" class=\"yoast-schema-graph\">{\"@context\":\"https:\/\/schema.org\",\"@graph\":[{\"@type\":\"WebPage\",\"@id\":\"https:\/\/algonovocom.com.br\/clientes\/institutopaulista\/equipe\/\",\"url\":\"https:\/\/algonovocom.com.br\/clientes\/institutopaulista\/equipe\/\",\"name\":\"Equipe - IPHMT\",\"isPartOf\":{\"@id\":\"https:\/\/algonovocom.com.br\/clientes\/institutopaulista\/#website\"},\"primaryImageOfPage\":{\"@id\":\"https:\/\/algonovocom.com.br\/clientes\/institutopaulista\/equipe\/#primaryimage\"},\"image\":{\"@id\":\"https:\/\/algonovocom.com.br\/clientes\/institutopaulista\/equipe\/#primaryimage\"},\"thumbnailUrl\":\"https:\/\/algonovocom.com.br\/clientes\/institutopaulista\/wp-content\/uploads\/2025\/02\/download.jpg\",\"datePublished\":\"2025-02-10T14:05:11+00:00\",\"dateModified\":\"2025-03-12T14:27:22+00:00\",\"breadcrumb\":{\"@id\":\"https:\/\/algonovocom.com.br\/clientes\/institutopaulista\/equipe\/#breadcrumb\"},\"inLanguage\":\"pt-BR\",\"potentialAction\":[{\"@type\":\"ReadAction\",\"target\":[\"https:\/\/algonovocom.com.br\/clientes\/institutopaulista\/equipe\/\"]}]},{\"@type\":\"ImageObject\",\"inLanguage\":\"pt-BR\",\"@id\":\"https:\/\/algonovocom.com.br\/clientes\/institutopaulista\/equipe\/#primaryimage\",\"url\":\"https:\/\/algonovocom.com.br\/clientes\/institutopaulista\/wp-content\/uploads\/2025\/02\/download.jpg\",\"contentUrl\":\"https:\/\/algonovocom.com.br\/clientes\/institutopaulista\/wp-content\/uploads\/2025\/02\/download.jpg\",\"width\":188,\"height\":268},{\"@type\":\"BreadcrumbList\",\"@id\":\"https:\/\/algonovocom.com.br\/clientes\/institutopaulista\/equipe\/#breadcrumb\",\"itemListElement\":[{\"@type\":\"ListItem\",\"position\":1,\"name\":\"In\u00edcio\",\"item\":\"https:\/\/algonovocom.com.br\/clientes\/institutopaulista\/\"},{\"@type\":\"ListItem\",\"position\":2,\"name\":\"Equipe\"}]},{\"@type\":\"WebSite\",\"@id\":\"https:\/\/algonovocom.com.br\/clientes\/institutopaulista\/#website\",\"url\":\"https:\/\/algonovocom.com.br\/clientes\/institutopaulista\/\",\"name\":\"IPHMT\",\"description\":\"Instituto Paulista de Higiene e Medicina do Trabalho\",\"publisher\":{\"@id\":\"https:\/\/algonovocom.com.br\/clientes\/institutopaulista\/#organization\"},\"potentialAction\":[{\"@type\":\"SearchAction\",\"target\":{\"@type\":\"EntryPoint\",\"urlTemplate\":\"https:\/\/algonovocom.com.br\/clientes\/institutopaulista\/?s={search_term_string}\"},\"query-input\":{\"@type\":\"PropertyValueSpecification\",\"valueRequired\":true,\"valueName\":\"search_term_string\"}}],\"inLanguage\":\"pt-BR\"},{\"@type\":\"Organization\",\"@id\":\"https:\/\/algonovocom.com.br\/clientes\/institutopaulista\/#organization\",\"name\":\"IPHMT\",\"url\":\"https:\/\/algonovocom.com.br\/clientes\/institutopaulista\/\",\"logo\":{\"@type\":\"ImageObject\",\"inLanguage\":\"pt-BR\",\"@id\":\"https:\/\/algonovocom.com.br\/clientes\/institutopaulista\/#\/schema\/logo\/image\/\",\"url\":\"https:\/\/algonovocom.com.br\/clientes\/institutopaulista\/wp-content\/uploads\/2025\/02\/logo-ip-horizontal-claro.png\",\"contentUrl\":\"https:\/\/algonovocom.com.br\/clientes\/institutopaulista\/wp-content\/uploads\/2025\/02\/logo-ip-horizontal-claro.png\",\"width\":1200,\"height\":416,\"caption\":\"IPHMT\"},\"image\":{\"@id\":\"https:\/\/algonovocom.com.br\/clientes\/institutopaulista\/#\/schema\/logo\/image\/\"}}]}<\/script>\n<!-- \/ Yoast SEO plugin. -->","yoast_head_json":{"title":"Equipe - IPHMT","robots":{"index":"index","follow":"follow","max-snippet":"max-snippet:-1","max-image-preview":"max-image-preview:large","max-video-preview":"max-video-preview:-1"},"canonical":"https:\/\/algonovocom.com.br\/clientes\/institutopaulista\/equipe\/","og_locale":"pt_BR","og_type":"article","og_title":"Equipe - IPHMT","og_description":"Dr. Jo\u00e3o Baptista Opitz Jr. T\u00edtulos em Medicina&nbsp;Doutor em Medicina pela Faculdade de Medicina da USP; Mestre em Medicina pela Faculdade de Medicina da USP; P\u00f3s-graduado em Medicina Forense; Especialista em Medicina do Trabalho, Medicina Legal e Pericia M\u00e9dica pela AMB\/CFM; Cargos em Medicina&nbsp;Perito M\u00e9dico do Tribunal de Justi\u00e7a de S\u00e3o Paulo; Perito M\u00e9dico Forense [&hellip;]","og_url":"https:\/\/algonovocom.com.br\/clientes\/institutopaulista\/equipe\/","og_site_name":"IPHMT","article_modified_time":"2025-03-12T14:27:22+00:00","og_image":[{"width":188,"height":268,"url":"https:\/\/algonovocom.com.br\/clientes\/institutopaulista\/wp-content\/uploads\/2025\/02\/download.jpg","type":"image\/jpeg"}],"twitter_card":"summary_large_image","twitter_misc":{"Est. tempo de leitura":"5 minutos"},"schema":{"@context":"https:\/\/schema.org","@graph":[{"@type":"WebPage","@id":"https:\/\/algonovocom.com.br\/clientes\/institutopaulista\/equipe\/","url":"https:\/\/algonovocom.com.br\/clientes\/institutopaulista\/equipe\/","name":"Equipe - IPHMT","isPartOf":{"@id":"https:\/\/algonovocom.com.br\/clientes\/institutopaulista\/#website"},"primaryImageOfPage":{"@id":"https:\/\/algonovocom.com.br\/clientes\/institutopaulista\/equipe\/#primaryimage"},"image":{"@id":"https:\/\/algonovocom.com.br\/clientes\/institutopaulista\/equipe\/#primaryimage"},"thumbnailUrl":"https:\/\/algonovocom.com.br\/clientes\/institutopaulista\/wp-content\/uploads\/2025\/02\/download.jpg","datePublished":"2025-02-10T14:05:11+00:00","dateModified":"2025-03-12T14:27:22+00:00","breadcrumb":{"@id":"https:\/\/algonovocom.com.br\/clientes\/institutopaulista\/equipe\/#breadcrumb"},"inLanguage":"pt-BR","potentialAction":[{"@type":"ReadAction","target":["https:\/\/algonovocom.com.br\/clientes\/institutopaulista\/equipe\/"]}]},{"@type":"ImageObject","inLanguage":"pt-BR","@id":"https:\/\/algonovocom.com.br\/clientes\/institutopaulista\/equipe\/#primaryimage","url":"https:\/\/algonovocom.com.br\/clientes\/institutopaulista\/wp-content\/uploads\/2025\/02\/download.jpg","contentUrl":"https:\/\/algonovocom.com.br\/clientes\/institutopaulista\/wp-content\/uploads\/2025\/02\/download.jpg","width":188,"height":268},{"@type":"BreadcrumbList","@id":"https:\/\/algonovocom.com.br\/clientes\/institutopaulista\/equipe\/#breadcrumb","itemListElement":[{"@type":"ListItem","position":1,"name":"In\u00edcio","item":"https:\/\/algonovocom.com.br\/clientes\/institutopaulista\/"},{"@type":"ListItem","position":2,"name":"Equipe"}]},{"@type":"WebSite","@id":"https:\/\/algonovocom.com.br\/clientes\/institutopaulista\/#website","url":"https:\/\/algonovocom.com.br\/clientes\/institutopaulista\/","name":"IPHMT","description":"Instituto Paulista de Higiene e Medicina do Trabalho","publisher":{"@id":"https:\/\/algonovocom.com.br\/clientes\/institutopaulista\/#organization"},"potentialAction":[{"@type":"SearchAction","target":{"@type":"EntryPoint","urlTemplate":"https:\/\/algonovocom.com.br\/clientes\/institutopaulista\/?s={search_term_string}"},"query-input":{"@type":"PropertyValueSpecification","valueRequired":true,"valueName":"search_term_string"}}],"inLanguage":"pt-BR"},{"@type":"Organization","@id":"https:\/\/algonovocom.com.br\/clientes\/institutopaulista\/#organization","name":"IPHMT","url":"https:\/\/algonovocom.com.br\/clientes\/institutopaulista\/","logo":{"@type":"ImageObject","inLanguage":"pt-BR","@id":"https:\/\/algonovocom.com.br\/clientes\/institutopaulista\/#\/schema\/logo\/image\/","url":"https:\/\/algonovocom.com.br\/clientes\/institutopaulista\/wp-content\/uploads\/2025\/02\/logo-ip-horizontal-claro.png","contentUrl":"https:\/\/algonovocom.com.br\/clientes\/institutopaulista\/wp-content\/uploads\/2025\/02\/logo-ip-horizontal-claro.png","width":1200,"height":416,"caption":"IPHMT"},"image":{"@id":"https:\/\/algonovocom.com.br\/clientes\/institutopaulista\/#\/schema\/logo\/image\/"}}]}},"_links":{"self":[{"href":"https:\/\/algonovocom.com.br\/clientes\/institutopaulista\/wp-json\/wp\/v2\/pages\/7128","targetHints":{"allow":["GET"]}}],"collection":[{"href":"https:\/\/algonovocom.com.br\/clientes\/institutopaulista\/wp-json\/wp\/v2\/pages"}],"about":[{"href":"https:\/\/algonovocom.com.br\/clientes\/institutopaulista\/wp-json\/wp\/v2\/types\/page"}],"author":[{"embeddable":true,"href":"https:\/\/algonovocom.com.br\/clientes\/institutopaulista\/wp-json\/wp\/v2\/users\/1"}],"replies":[{"embeddable":true,"href":"https:\/\/algonovocom.com.br\/clientes\/institutopaulista\/wp-json\/wp\/v2\/comments?post=7128"}],"version-history":[{"count":0,"href":"https:\/\/algonovocom.com.br\/clientes\/institutopaulista\/wp-json\/wp\/v2\/pages\/7128\/revisions"}],"wp:attachment":[{"href":"https:\/\/algonovocom.com.br\/clientes\/institutopaulista\/wp-json\/wp\/v2\/media?parent=7128"}],"curies":[{"name":"wp","href":"https:\/\/api.w.org\/{rel}","templated":true}]}}